{"id":12,"date":"2019-04-05T18:37:11","date_gmt":"2019-04-05T16:37:11","guid":{"rendered":"http:\/\/www.michaelvessereau.com\/?page_id=12"},"modified":"2024-10-03T13:11:13","modified_gmt":"2024-10-03T11:11:13","slug":"mise-en-scene","status":"publish","type":"page","link":"https:\/\/www.michaelvessereau.com\/?page_id=12","title":{"rendered":"Mise en sc\u00e8ne"},"content":{"rendered":"\n<p style=\"font-size:15px\">Mes activit\u00e9s de metteur en sc\u00e8ne, d\u2019interpr\u00e8te et de p\u00e9dagogue se compl\u00e8tent et s\u2019enrichissent. Je me consid\u00e8re comme un<mark style=\"background-color:rgba(0, 0, 0, 0)\" class=\"has-inline-color has-vivid-red-color\"> <\/mark><strong><mark style=\"background-color:rgba(0, 0, 0, 0)\" class=\"has-inline-color has-vivid-red-color\">metteur en sc\u00e8ne au service de ses artistes, du propos, du texte, de l\u2019auteur<\/mark>.<\/strong> Je reste attentif et adaptable \u00e0 ce qui arrive davantage qu&rsquo;\u00e0 ce qui est pr\u00e9vu. A mon sens, l&rsquo;impr\u00e9vu est un cadeau.<\/p>\n\n\n\n<h2 class=\"wp-block-heading\">Mise en sc\u00e8ne d&rsquo;\u00e9v\u00e9nements<\/h2>\n\n\n\n<p style=\"font-size:15px\">Je cr\u00e9e des spectacles pour des jauges de 50 \u00e0 1000 personnes avec des artistes de toutes disciplines (cirque, magie, musique, th\u00e9\u00e2tre, cultures urbaines, th\u00e9\u00e2tre d&rsquo;objet, vid\u00e9o). Je compose des plateaux artistiques au service de votre \u00e9v\u00e9nement. (corporate, mariage, s\u00e9minaires, anniversaires,&#8230;)<\/p>\n\n\n\n<figure class=\"wp-block-gallery has-nested-images columns-default is-cropped wp-block-gallery-1 is-layout-flex wp-block-gallery-is-layout-flex\">\n<figure class=\"wp-block-image size-large\"><img loading=\"lazy\" decoding=\"async\" width=\"900\" height=\"600\" data-id=\"100\" src=\"http:\/\/www.michaelvessereau.com\/wp-content\/uploads\/2019\/05\/4.jpg\" alt=\"\" class=\"wp-image-100\" srcset=\"https:\/\/www.michaelvessereau.com\/wp-content\/uploads\/2019\/05\/4.jpg 900w, https:\/\/www.michaelvessereau.com\/wp-content\/uploads\/2019\/05\/4-300x200.jpg 300w, https:\/\/www.michaelvessereau.com\/wp-content\/uploads\/2019\/05\/4-768x512.jpg 768w\" sizes=\"auto, (max-width: 767px) 89vw, (max-width: 1000px) 54vw, (max-width: 1071px) 543px, 580px\" \/><\/figure>\n\n\n\n<figure class=\"wp-block-image size-large\"><img loading=\"lazy\" decoding=\"async\" width=\"900\" height=\"600\" data-id=\"99\" src=\"http:\/\/www.michaelvessereau.com\/wp-content\/uploads\/2019\/05\/2.jpg\" alt=\"\" class=\"wp-image-99\" srcset=\"https:\/\/www.michaelvessereau.com\/wp-content\/uploads\/2019\/05\/2.jpg 900w, https:\/\/www.michaelvessereau.com\/wp-content\/uploads\/2019\/05\/2-300x200.jpg 300w, https:\/\/www.michaelvessereau.com\/wp-content\/uploads\/2019\/05\/2-768x512.jpg 768w\" sizes=\"auto, (max-width: 767px) 89vw, (max-width: 1000px) 54vw, (max-width: 1071px) 543px, 580px\" \/><\/figure>\n\n\n\n<figure class=\"wp-block-image size-large\"><img loading=\"lazy\" decoding=\"async\" width=\"600\" height=\"900\" data-id=\"96\" src=\"http:\/\/www.michaelvessereau.com\/wp-content\/uploads\/2019\/05\/mises-en-sc\u00e8ne-4.jpg\" alt=\"\" class=\"wp-image-96\" srcset=\"https:\/\/www.michaelvessereau.com\/wp-content\/uploads\/2019\/05\/mises-en-sc\u00e8ne-4.jpg 600w, https:\/\/www.michaelvessereau.com\/wp-content\/uploads\/2019\/05\/mises-en-sc\u00e8ne-4-200x300.jpg 200w\" sizes=\"auto, (max-width: 600px) 100vw, 600px\" \/><\/figure>\n\n\n\n<figure class=\"wp-block-image size-large\"><img loading=\"lazy\" decoding=\"async\" width=\"600\" height=\"900\" data-id=\"95\" src=\"http:\/\/www.michaelvessereau.com\/wp-content\/uploads\/2019\/05\/mises-en-sc\u00e8ne-3.jpg\" alt=\"\" class=\"wp-image-95\" srcset=\"https:\/\/www.michaelvessereau.com\/wp-content\/uploads\/2019\/05\/mises-en-sc\u00e8ne-3.jpg 600w, https:\/\/www.michaelvessereau.com\/wp-content\/uploads\/2019\/05\/mises-en-sc\u00e8ne-3-200x300.jpg 200w\" sizes=\"auto, (max-width: 600px) 100vw, 600px\" \/><\/figure>\n\n\n\n<figure class=\"wp-block-image size-large\"><img loading=\"lazy\" decoding=\"async\" width=\"900\" height=\"600\" data-id=\"94\" src=\"http:\/\/www.michaelvessereau.com\/wp-content\/uploads\/2019\/05\/mises-en-sc\u00e8ne-2.jpg\" alt=\"\" class=\"wp-image-94\" srcset=\"https:\/\/www.michaelvessereau.com\/wp-content\/uploads\/2019\/05\/mises-en-sc\u00e8ne-2.jpg 900w, https:\/\/www.michaelvessereau.com\/wp-content\/uploads\/2019\/05\/mises-en-sc\u00e8ne-2-300x200.jpg 300w, https:\/\/www.michaelvessereau.com\/wp-content\/uploads\/2019\/05\/mises-en-sc\u00e8ne-2-768x512.jpg 768w\" sizes=\"auto, (max-width: 767px) 89vw, (max-width: 1000px) 54vw, (max-width: 1071px) 543px, 580px\" \/><\/figure>\n\n\n\n<figure class=\"wp-block-image size-large\"><img loading=\"lazy\" decoding=\"async\" width=\"350\" height=\"500\" data-id=\"280\" src=\"http:\/\/www.michaelvessereau.com\/wp-content\/uploads\/2020\/07\/tour-royale.jpg\" alt=\"\" class=\"wp-image-280\"\/><\/figure>\n<figcaption class=\"blocks-gallery-caption wp-element-caption\">Mises en sc\u00e8ne d&rsquo;\u00e9v\u00e9nements<\/figcaption><\/figure>\n\n\n\n<h2 class=\"wp-block-heading\">Cr\u00e9ations contemporaines<\/h2>\n\n\n\n<p style=\"font-size:15px\"><mark style=\"background-color:rgba(0, 0, 0, 0)\" class=\"has-inline-color has-vivid-red-color\"><strong>J\u2019utilise le quotidien comme source de cr\u00e9ation<\/strong><\/mark>. La po\u00e9sie et la beaut\u00e9 \u00e9manent de ces moments, qui souvent \u00e9chappent au regard brouill\u00e9 par l\u2019habitude.<br> <br>Curieux de tout, avide de croisements et d\u2019exp\u00e9rimentations, je m\u00eale le cirque, la danse et le th\u00e9\u00e2tre. Parfois je propose des spectacles m\u00ealant des artistes amateurs et professionnels dans des lieux atypiques (friches, monuments historiques, jardins, hall de th\u00e9\u00e2tre, rue). Enfin je propose des mises en sc\u00e8ne d\u2019\u00e9v\u00e9nements autant que la r\u00e9alisation d\u2019\u0153uvres contemporaines.<\/p>\n\n\n\n<p style=\"font-size:15px\"><a href=\"http:\/\/www.michaelvessereau.com\/\">Mon parcours d&rsquo;artiste pluridisciplinaire<\/a> me permet de r\u00e9unir des artistes de toutes disciplines (magiciens, circassiens, danseurs, com\u00e9diens, marionnettistes, vid\u00e9astes).<\/p>\n\n\n\n<p class=\"has-text-align-right\" style=\"font-size:11px;line-height:1.3\"><strong>2006<\/strong>: Cr\u00e9ation et tourn\u00e9e \u00ab Comme \u00e0 la maison \u00bb jusqu\u2019en 2009<br><strong>2009<\/strong>: Cr\u00e9ation et tourn\u00e9e \u00ab L\u2019\u0153il du voisin \u00bb jusqu\u2019en 2011<br><strong>2010<\/strong>: Cr\u00e9ation et tourn\u00e9e \u00ab Je fais souvent ce r\u00eave \u00bb jusqu\u2019en 2012<br><strong>2010<\/strong>: \u00ab Vue sur cour int\u00e9rieure \u00bb : Spectacles \u00e9v\u00e8nements \/ journ\u00e9es europ\u00e9ennes du patrimoine \/ Toulon<br><strong>2011<\/strong>: \u00ab Ce qui nous lie#1 \u00bb: Concept \u2013 spectacle: 1 semaine \/ 30 personnes amateurs et professionnel \/ Festival vertical\u2019\u00e9t\u00e9<br><strong>2013<\/strong>: \u00ab Le meilleur ami de l\u2019homme \u00bb<br><strong>2014<\/strong>: \u00ab Vu d\u2019en haut tout semble plus calme \u00bb: Spectacles \u00e9v\u00e8nements \/ journ\u00e9es europ\u00e9ennes du patrimoine \/ Toulon<br><strong>2017-2018&nbsp;:<\/strong> \u00a0\u00bb Le loup du dedans \u201d &amp; \u201c Les tangentes \u201d: Petites formes courtes dans l\u2019espace public.<br><strong>2018<\/strong> \u00ab Le man\u00e8ge ordinaire \u00bb : cr\u00e9ation pour l\u2019Acad\u00e9mie Fratellini r\u00e9unissant 7 acrobates et 5 musiciens.<br><strong>2019<\/strong> : Inauguration de la halle Laissac \u2013 Ville de Montpellier. Cr\u00e9ation Insitu <br><strong>2020<\/strong>&nbsp;:<a href=\"http:\/\/www.boulegueproduction.com\/spectacles\/lincroyable-histoire-de-jeremy-fisher\" target=\"_blank\" rel=\"noreferrer noopener\"> \u00ab&nbsp;l\u2019incroyable histoire de J\u00e9r\u00e9my Fisher&nbsp;\u00bb<\/a><br><strong>2022<\/strong>: <a href=\"http:\/\/www.michaelvessereau.com\/?page_id=599\" target=\"_blank\" rel=\"noreferrer noopener\">\u00a0\u00bb Cultiver l&rsquo;inattendu ou l&rsquo;art de la rencontre\u00a0\u00bb<\/a><br>2024: <a href=\"https:\/\/www.michaelvessereau.com\/?page_id=758\" target=\"_blank\" rel=\"noreferrer noopener\">\u00ab\u00a0Journal d&rsquo;un gars qui essaie\u00a0\u00bb<\/a><\/p>\n\n\n\n<figure class=\"wp-block-gallery has-nested-images columns-default is-cropped wp-block-gallery-2 is-layout-flex wp-block-gallery-is-layout-flex\">\n<figure class=\"wp-block-image size-large\"><img loading=\"lazy\" decoding=\"async\" width=\"394\" height=\"591\" data-id=\"274\" src=\"http:\/\/www.michaelvessereau.com\/wp-content\/uploads\/2020\/07\/6.jpg\" alt=\"\" class=\"wp-image-274\"\/><\/figure>\n\n\n\n<figure class=\"wp-block-image size-large\"><img loading=\"lazy\" decoding=\"async\" width=\"394\" height=\"591\" data-id=\"275\" src=\"http:\/\/www.michaelvessereau.com\/wp-content\/uploads\/2020\/07\/12.jpg\" alt=\"\" class=\"wp-image-275\"\/><\/figure>\n\n\n\n<figure class=\"wp-block-image size-large\"><img loading=\"lazy\" decoding=\"async\" width=\"591\" height=\"591\" data-id=\"276\" src=\"http:\/\/www.michaelvessereau.com\/wp-content\/uploads\/2020\/07\/22.jpg\" alt=\"\" class=\"wp-image-276\"\/><\/figure>\n<figcaption class=\"blocks-gallery-caption wp-element-caption\">Mise en sc\u00e8ne \u00ab\u00a0l&rsquo;Incroyable histoire de J\u00e9r\u00e9my Fisher\u00a0\u00bb<\/figcaption><\/figure>\n","protected":false},"excerpt":{"rendered":"<p>Mes activit\u00e9s de metteur en sc\u00e8ne, d\u2019interpr\u00e8te et de p\u00e9dagogue se compl\u00e8tent et s\u2019enrichissent. Je me consid\u00e8re comme un metteur en sc\u00e8ne au service de ses artistes, du propos, du texte, de l\u2019auteur. Je reste attentif et adaptable \u00e0 ce qui arrive davantage qu&rsquo;\u00e0 ce qui est pr\u00e9vu. A mon sens, l&rsquo;impr\u00e9vu est un cadeau. &hellip; <\/p>\n<p class=\"link-more\"><a href=\"https:\/\/www.michaelvessereau.com\/?page_id=12\" class=\"more-link\">Continuer la lecture<span class=\"screen-reader-text\"> de &laquo;&nbsp;Mise en sc\u00e8ne&nbsp;&raquo;<\/span><\/a><\/p>\n","protected":false},"author":1,"featured_media":0,"parent":0,"menu_order":3,"comment_status":"closed","ping_status":"closed","template":"","meta":{"footnotes":""},"class_list":["post-12","page","type-page","status-publish","hentry"],"yoast_head":"<!-- This site is optimized with the Yoast SEO plugin v26.8 - https:\/\/yoast.com\/product\/yoast-seo-wordpress\/ -->\n<title>Mise en sc\u00e8ne | Micha\u00ebl Vessereau | au service des artistes<\/title>\n<meta name=\"description\" content=\"Magicien, artiste, professeur de cirque, j&#039;interviens en r\u00e9gion Sud dans le cadre de soir\u00e9es, animations, programmations culturelles.\" \/>\n<meta name=\"robots\" content=\"index, follow, max-snippet:-1, max-image-preview:large, max-video-preview:-1\" \/>\n<link rel=\"canonical\" href=\"https:\/\/www.michaelvessereau.com\/?page_id=12\" \/>\n<meta property=\"og:locale\" content=\"fr_FR\" \/>\n<meta property=\"og:type\" content=\"article\" \/>\n<meta property=\"og:title\" content=\"Mise en sc\u00e8ne | Micha\u00ebl Vessereau | au service des artistes\" \/>\n<meta property=\"og:description\" content=\"Magicien, artiste, professeur de cirque, j&#039;interviens en r\u00e9gion Sud dans le cadre de soir\u00e9es, animations, programmations culturelles.\" \/>\n<meta property=\"og:url\" content=\"https:\/\/www.michaelvessereau.com\/?page_id=12\" \/>\n<meta property=\"og:site_name\" content=\"Micha\u00ebl Vessereau\" \/>\n<meta property=\"article:publisher\" content=\"https:\/\/www.facebook.com\/profile.php?id=100085022991971\" \/>\n<meta property=\"article:modified_time\" content=\"2024-10-03T11:11:13+00:00\" \/>\n<meta property=\"og:image\" content=\"http:\/\/www.michaelvessereau.com\/wp-content\/uploads\/2019\/05\/4.jpg\" \/>\n<meta name=\"twitter:card\" content=\"summary_large_image\" \/>\n<meta name=\"twitter:label1\" content=\"Dur\u00e9e de lecture estim\u00e9e\" \/>\n\t<meta name=\"twitter:data1\" content=\"4 minutes\" \/>\n<script type=\"application\/ld+json\" class=\"yoast-schema-graph\">{\"@context\":\"https:\/\/schema.org\",\"@graph\":[{\"@type\":\"WebPage\",\"@id\":\"https:\/\/www.michaelvessereau.com\/?page_id=12\",\"url\":\"https:\/\/www.michaelvessereau.com\/?page_id=12\",\"name\":\"Mise en sc\u00e8ne | Micha\u00ebl Vessereau | au service des artistes\",\"isPartOf\":{\"@id\":\"https:\/\/www.michaelvessereau.com\/#website\"},\"primaryImageOfPage\":{\"@id\":\"https:\/\/www.michaelvessereau.com\/?page_id=12#primaryimage\"},\"image\":{\"@id\":\"https:\/\/www.michaelvessereau.com\/?page_id=12#primaryimage\"},\"thumbnailUrl\":\"http:\/\/www.michaelvessereau.com\/wp-content\/uploads\/2019\/05\/4.jpg\",\"datePublished\":\"2019-04-05T16:37:11+00:00\",\"dateModified\":\"2024-10-03T11:11:13+00:00\",\"description\":\"Magicien, artiste, professeur de cirque, j'interviens en r\u00e9gion Sud dans le cadre de soir\u00e9es, animations, programmations culturelles.\",\"breadcrumb\":{\"@id\":\"https:\/\/www.michaelvessereau.com\/?page_id=12#breadcrumb\"},\"inLanguage\":\"fr-FR\",\"potentialAction\":[{\"@type\":\"ReadAction\",\"target\":[\"https:\/\/www.michaelvessereau.com\/?page_id=12\"]}]},{\"@type\":\"ImageObject\",\"inLanguage\":\"fr-FR\",\"@id\":\"https:\/\/www.michaelvessereau.com\/?page_id=12#primaryimage\",\"url\":\"https:\/\/www.michaelvessereau.com\/wp-content\/uploads\/2019\/05\/4.jpg\",\"contentUrl\":\"https:\/\/www.michaelvessereau.com\/wp-content\/uploads\/2019\/05\/4.jpg\",\"width\":900,\"height\":600,\"caption\":\"mise en sc\u00e8ne de spectacles \u00e9v\u00e9nementiels\"},{\"@type\":\"BreadcrumbList\",\"@id\":\"https:\/\/www.michaelvessereau.com\/?page_id=12#breadcrumb\",\"itemListElement\":[{\"@type\":\"ListItem\",\"position\":1,\"name\":\"Accueil\",\"item\":\"https:\/\/www.michaelvessereau.com\/\"},{\"@type\":\"ListItem\",\"position\":2,\"name\":\"Mise en sc\u00e8ne\"}]},{\"@type\":\"WebSite\",\"@id\":\"https:\/\/www.michaelvessereau.com\/#website\",\"url\":\"https:\/\/www.michaelvessereau.com\/\",\"name\":\"Micha\u00ebl Vessereau\",\"description\":\"Magie Rapproch\u00e9e\",\"publisher\":{\"@id\":\"https:\/\/www.michaelvessereau.com\/#\/schema\/person\/c45276981c07f3fbd57b22d8ab7b67c0\"},\"potentialAction\":[{\"@type\":\"SearchAction\",\"target\":{\"@type\":\"EntryPoint\",\"urlTemplate\":\"https:\/\/www.michaelvessereau.com\/?s={search_term_string}\"},\"query-input\":{\"@type\":\"PropertyValueSpecification\",\"valueRequired\":true,\"valueName\":\"search_term_string\"}}],\"inLanguage\":\"fr-FR\"},{\"@type\":[\"Person\",\"Organization\"],\"@id\":\"https:\/\/www.michaelvessereau.com\/#\/schema\/person\/c45276981c07f3fbd57b22d8ab7b67c0\",\"name\":\"Micha\u00ebl Vessereau\",\"image\":{\"@type\":\"ImageObject\",\"inLanguage\":\"fr-FR\",\"@id\":\"https:\/\/www.michaelvessereau.com\/#\/schema\/person\/image\/\",\"url\":\"http:\/\/www.michaelvessereau.com\/wp-content\/uploads\/2020\/07\/entete-3-mika-1200x2000-online.jpg\",\"contentUrl\":\"http:\/\/www.michaelvessereau.com\/wp-content\/uploads\/2020\/07\/entete-3-mika-1200x2000-online.jpg\",\"width\":2000,\"height\":1200,\"caption\":\"Micha\u00ebl Vessereau\"},\"logo\":{\"@id\":\"https:\/\/www.michaelvessereau.com\/#\/schema\/person\/image\/\"},\"description\":\"Artiste de cirque, metteur en sc\u00e8ne, magicien. J'exerce en tant que Coach professionnel certifi\u00e9 ACTP \/ RNCP 6. J'exerce principalement en r\u00e9gion Sud - PACA et bouches du Rh\u00f4ne (13). Je porte une attention particuli\u00e8re au langage corporel et aux \u00e9motions. J'interviens \u00e9galement dans le cadre de structuration d'\u00e9quipes, de team building.\",\"sameAs\":[\"http:\/\/michaelvessereau.com\",\"https:\/\/www.facebook.com\/profile.php?id=100085022991971\",\"https:\/\/www.linkedin.com\/in\/michalvessereau\/\"]}]}<\/script>\n<!-- \/ Yoast SEO plugin. -->","yoast_head_json":{"title":"Mise en sc\u00e8ne | Micha\u00ebl Vessereau | au service des artistes","description":"Magicien, artiste, professeur de cirque, j'interviens en r\u00e9gion Sud dans le cadre de soir\u00e9es, animations, programmations culturelles.","robots":{"index":"index","follow":"follow","max-snippet":"max-snippet:-1","max-image-preview":"max-image-preview:large","max-video-preview":"max-video-preview:-1"},"canonical":"https:\/\/www.michaelvessereau.com\/?page_id=12","og_locale":"fr_FR","og_type":"article","og_title":"Mise en sc\u00e8ne | Micha\u00ebl Vessereau | au service des artistes","og_description":"Magicien, artiste, professeur de cirque, j'interviens en r\u00e9gion Sud dans le cadre de soir\u00e9es, animations, programmations culturelles.","og_url":"https:\/\/www.michaelvessereau.com\/?page_id=12","og_site_name":"Micha\u00ebl Vessereau","article_publisher":"https:\/\/www.facebook.com\/profile.php?id=100085022991971","article_modified_time":"2024-10-03T11:11:13+00:00","og_image":[{"url":"http:\/\/www.michaelvessereau.com\/wp-content\/uploads\/2019\/05\/4.jpg","type":"","width":"","height":""}],"twitter_card":"summary_large_image","twitter_misc":{"Dur\u00e9e de lecture estim\u00e9e":"4 minutes"},"schema":{"@context":"https:\/\/schema.org","@graph":[{"@type":"WebPage","@id":"https:\/\/www.michaelvessereau.com\/?page_id=12","url":"https:\/\/www.michaelvessereau.com\/?page_id=12","name":"Mise en sc\u00e8ne | Micha\u00ebl Vessereau | au service des artistes","isPartOf":{"@id":"https:\/\/www.michaelvessereau.com\/#website"},"primaryImageOfPage":{"@id":"https:\/\/www.michaelvessereau.com\/?page_id=12#primaryimage"},"image":{"@id":"https:\/\/www.michaelvessereau.com\/?page_id=12#primaryimage"},"thumbnailUrl":"http:\/\/www.michaelvessereau.com\/wp-content\/uploads\/2019\/05\/4.jpg","datePublished":"2019-04-05T16:37:11+00:00","dateModified":"2024-10-03T11:11:13+00:00","description":"Magicien, artiste, professeur de cirque, j'interviens en r\u00e9gion Sud dans le cadre de soir\u00e9es, animations, programmations culturelles.","breadcrumb":{"@id":"https:\/\/www.michaelvessereau.com\/?page_id=12#breadcrumb"},"inLanguage":"fr-FR","potentialAction":[{"@type":"ReadAction","target":["https:\/\/www.michaelvessereau.com\/?page_id=12"]}]},{"@type":"ImageObject","inLanguage":"fr-FR","@id":"https:\/\/www.michaelvessereau.com\/?page_id=12#primaryimage","url":"https:\/\/www.michaelvessereau.com\/wp-content\/uploads\/2019\/05\/4.jpg","contentUrl":"https:\/\/www.michaelvessereau.com\/wp-content\/uploads\/2019\/05\/4.jpg","width":900,"height":600,"caption":"mise en sc\u00e8ne de spectacles \u00e9v\u00e9nementiels"},{"@type":"BreadcrumbList","@id":"https:\/\/www.michaelvessereau.com\/?page_id=12#breadcrumb","itemListElement":[{"@type":"ListItem","position":1,"name":"Accueil","item":"https:\/\/www.michaelvessereau.com\/"},{"@type":"ListItem","position":2,"name":"Mise en sc\u00e8ne"}]},{"@type":"WebSite","@id":"https:\/\/www.michaelvessereau.com\/#website","url":"https:\/\/www.michaelvessereau.com\/","name":"Micha\u00ebl Vessereau","description":"Magie Rapproch\u00e9e","publisher":{"@id":"https:\/\/www.michaelvessereau.com\/#\/schema\/person\/c45276981c07f3fbd57b22d8ab7b67c0"},"potentialAction":[{"@type":"SearchAction","target":{"@type":"EntryPoint","urlTemplate":"https:\/\/www.michaelvessereau.com\/?s={search_term_string}"},"query-input":{"@type":"PropertyValueSpecification","valueRequired":true,"valueName":"search_term_string"}}],"inLanguage":"fr-FR"},{"@type":["Person","Organization"],"@id":"https:\/\/www.michaelvessereau.com\/#\/schema\/person\/c45276981c07f3fbd57b22d8ab7b67c0","name":"Micha\u00ebl Vessereau","image":{"@type":"ImageObject","inLanguage":"fr-FR","@id":"https:\/\/www.michaelvessereau.com\/#\/schema\/person\/image\/","url":"http:\/\/www.michaelvessereau.com\/wp-content\/uploads\/2020\/07\/entete-3-mika-1200x2000-online.jpg","contentUrl":"http:\/\/www.michaelvessereau.com\/wp-content\/uploads\/2020\/07\/entete-3-mika-1200x2000-online.jpg","width":2000,"height":1200,"caption":"Micha\u00ebl Vessereau"},"logo":{"@id":"https:\/\/www.michaelvessereau.com\/#\/schema\/person\/image\/"},"description":"Artiste de cirque, metteur en sc\u00e8ne, magicien. J'exerce en tant que Coach professionnel certifi\u00e9 ACTP \/ RNCP 6. J'exerce principalement en r\u00e9gion Sud - PACA et bouches du Rh\u00f4ne (13). Je porte une attention particuli\u00e8re au langage corporel et aux \u00e9motions. J'interviens \u00e9galement dans le cadre de structuration d'\u00e9quipes, de team building.","sameAs":["http:\/\/michaelvessereau.com","https:\/\/www.facebook.com\/profile.php?id=100085022991971","https:\/\/www.linkedin.com\/in\/michalvessereau\/"]}]}},"_links":{"self":[{"href":"https:\/\/www.michaelvessereau.com\/index.php?rest_route=\/wp\/v2\/pages\/12","targetHints":{"allow":["GET"]}}],"collection":[{"href":"https:\/\/www.michaelvessereau.com\/index.php?rest_route=\/wp\/v2\/pages"}],"about":[{"href":"https:\/\/www.michaelvessereau.com\/index.php?rest_route=\/wp\/v2\/types\/page"}],"author":[{"embeddable":true,"href":"https:\/\/www.michaelvessereau.com\/index.php?rest_route=\/wp\/v2\/users\/1"}],"replies":[{"embeddable":true,"href":"https:\/\/www.michaelvessereau.com\/index.php?rest_route=%2Fwp%2Fv2%2Fcomments&post=12"}],"version-history":[{"count":43,"href":"https:\/\/www.michaelvessereau.com\/index.php?rest_route=\/wp\/v2\/pages\/12\/revisions"}],"predecessor-version":[{"id":849,"href":"https:\/\/www.michaelvessereau.com\/index.php?rest_route=\/wp\/v2\/pages\/12\/revisions\/849"}],"wp:attachment":[{"href":"https:\/\/www.michaelvessereau.com\/index.php?rest_route=%2Fwp%2Fv2%2Fmedia&parent=12"}],"curies":[{"name":"wp","href":"https:\/\/api.w.org\/{rel}","templated":true}]}}